{"id":209174,"date":"2021-02-03T13:01:05","date_gmt":"2021-02-03T12:01:05","guid":{"rendered":"https:\/\/inkubatorprogress.pl\/?page_id=209174"},"modified":"2026-08-17T14:48:12","modified_gmt":"2026-08-17T12:48:12","slug":"specjalista-ds-funduszy-unijnych-2021-2027","status":"publish","type":"page","link":"https:\/\/inkubatorprogress.pl\/?page_id=209174","title":{"rendered":"Specjalista ds. funduszy unijnych 2021-2027"},"content":{"rendered":"<p>[et_pb_section fb_built=&#8221;1&#8243; disabled_on=&#8221;on|on|off&#8221; _builder_version=&#8221;3.22&#8243; background_color=&#8221;rgba(242,242,242,0.63)&#8221;][et_pb_row column_structure=&#8221;2_3,1_3&#8243; use_custom_gutter=&#8221;on&#8221; make_equal=&#8221;on&#8221; disabled_on=&#8221;on|on|off&#8221; module_class=&#8221; et_pb_row_fullwidth&#8221; _builder_version=&#8221;4.7.3&#8243; width=&#8221;89%&#8221; width_tablet=&#8221;80%&#8221; width_phone=&#8221;&#8221; width_last_edited=&#8221;on|desktop&#8221; max_width=&#8221;89%&#8221; max_width_tablet=&#8221;80%&#8221; max_width_phone=&#8221;&#8221; max_width_last_edited=&#8221;on|desktop&#8221; module_alignment=&#8221;center&#8221; custom_padding=&#8221;|||&#8221; make_fullwidth=&#8221;on&#8221;][et_pb_column type=&#8221;2_3&#8243; _builder_version=&#8221;3.25&#8243; background_color=&#8221;#ffffff&#8221; custom_padding=&#8221;|||&#8221; custom_padding__hover=&#8221;|||&#8221;][et_pb_text disabled_on=&#8221;on|on|off&#8221; _builder_version=&#8221;4.7.3&#8243; header_font=&#8221;Lato|700|||||||&#8221; header_2_font=&#8221;Lato|700|||||||&#8221; custom_margin=&#8221;|||&#8221; custom_padding=&#8221;50px|50px||50px&#8221;]<\/p>\n<h1>Szkolenie: &#8222;Specjalista ds. funduszy unijnych 2021-2027&#8221;<\/h1>\n<p>[\/et_pb_text][et_pb_text disabled_on=&#8221;on|on|off&#8221; _builder_version=&#8221;4.7.3&#8243; text_font=&#8221;Lato||||||||&#8221; header_font=&#8221;Varela|700|||||||&#8221; header_2_font=&#8221;Lato|700|||||||&#8221; header_3_font=&#8221;Lato|700|||||||&#8221; header_3_font_size=&#8221;18px&#8221; header_4_font=&#8221;Varela||||||||&#8221; custom_padding=&#8221;|50px||50px&#8221; header_3_font_size_tablet=&#8221;&#8221; header_3_font_size_phone=&#8221;&#8221; header_3_font_size_last_edited=&#8221;on|phone&#8221;]<\/p>\n<div class=\"et-box et-shadow\">\n<h3 class=\"et-box-content\"><strong style=\"font-size: 18px;\">Cena szkolenia online: 599,00 z\u0142 netto=brutto (Organizator jest ZW z VAT).<\/strong><\/h3>\n<\/div>\n<p>Przed nami nowa perspektywa finansowa 2021-2027, kt\u00f3ra potrwa do 31 grudnia 2029 r. Mamy ju\u017c odblokowane \u015brodki zgodnie z zasad\u0105 praworz\u0105dno\u015bci, zaakceptowan\u0105 Umow\u0119 Partnerstwa \u2013 najwa\u017cniejszy dokument okre\u015blaj\u0105cy, w co zostan\u0105 zainwestowane Fundusze Europejskie w przysz\u0142ej perspektywie finansowej UE oraz przede wszystkim zaakceptowane s\u0105 ju\u017c przez Komisj\u0119 Europejsk\u0105 wszystkie, nowe programy krajowe oraz regionalne. Warto przygotowa\u0107 do nowego rozdania. Pierwsze konkursy ju\u017c wystartowa\u0142y, planowanych jest wiele nowych nabor\u00f3w, a pierwsi Beneficjenci podpisuj\u0105 ju\u017c umowy o dofinansowanie.<\/p>\n<p>Warto\u015b\u0107 ca\u0142ego bud\u017cetu UE na lata 2021-2027 wynosi 1,074 bln euro, a dodatkowo fundusz odbudowy o warto\u015bci 750 mld euro b\u0119dzie sk\u0142ada\u0142 si\u0119 z: 390 mld euro w formie grant\u00f3w, a 360 mld euro w formie po\u017cyczek. \u015arodki unijne, kt\u00f3re otrzyma\u0142a Polska, maj\u0105 dalej rozwija\u0107 nasz kraj w ramach polityki sp\u00f3jno\u015bci (klasyczne fundusze unijne) oraz pom\u00f3c w odbudowie i umocnieniu gospodarki po pandemii, a tak\u017ce pozwoli\u0107 na realizacj\u0119 unijnych cel\u00f3w w latach 2021-2027.<\/p>\n<p>Chodzi o 76 miliard\u00f3w euro z unijnej polityki sp\u00f3jno\u015bci i Funduszu na rzecz Sprawiedliwej Transformacji. Umow\u0119 Partnerstwa przygotowa\u0142o Ministerstwo Funduszy i Polityki Regionalnej, a zosta\u0142a przyj\u0119ta przez Komisj\u0119 Europejsk\u0105.<\/p>\n<p>Podczas szkolenia omawiamy tak\u017ce nowe zaakceptowane programy operacyjne krajowe i regionalne, dost\u0119pne SZOPY i wytyczne dotycz\u0105ce kwalifikowalno\u015bci wydatk\u00f3w na lata 2021-2027.\u00a0Przedstawiamy tak\u017ce aktualne informacje dotycz\u0105ce Centralnego Systemu Teleinformatycznego 2021 CST2021 i aplikacji: CST2021, SZT2021, Administracja, w tym eSZOP, WOD2021, SL2021, BK2021, e-Kontrole, SR2021, SKANER, Kontrole Krzy\u017cowe, SM EFS. Zwracamy uwag\u0119 na r\u00f3\u017cnice, nowo\u015bci wzgl\u0119dem perspektywy 2014-2020.<\/p>\n<p>Warto pozna\u0107 nowe dokumenty i zasady aplikowania o te fundusze europejskie.<\/p>\n<p>Na szkolenie zapraszamy osoby pragn\u0105ce podnie\u015b\u0107 kwalifikacje zawodowe polegaj\u0105ce na pozyskiwaniu funduszy unijnych. Zapraszamy osoby pocz\u0105tkuj\u0105ce, jak i chc\u0105ce zaktualizowa\u0107 posiadan\u0105 wiedz\u0119 w kontek\u015bcie nowej perspektywy. Wymagania dotycz\u0105ce udzia\u0142u w szkoleniu: brak.<\/p>\n<p>&nbsp;<\/p>\n<h3>Cele szkolenia:<\/h3>\n<ul>\n<li>nabycie przez uczestnik\u00f3w\/czki wiedzy nt. mo\u017cliwo\u015bci pozyskania funduszy unijnych w okresie 2021-2027,<\/li>\n<li>poznanie struktury funduszy unijnych, instytucji wdra\u017caj\u0105cych i zasad obowi\u0105zuj\u0105cych w nowej perspektywie,<\/li>\n<li>nabycie wiedzy nt. cel\u00f3w tematycznych Funduszy Europejskich okre\u015blonych przez Komisj\u0119 Europejsk\u0105,<\/li>\n<li>poznanie program\u00f3w obowi\u0105zuj\u0105cych w Polsce na lata 2021-2027,<\/li>\n<li>przekazanie wiedzy dot. nowych instrument\u00f3w terytorialnych i zmian w systemie finansowania, oceny wniosk\u00f3w i realizacji projekt\u00f3w,<\/li>\n<li>przekazanie praktycznych wskaz\u00f3wek na przyk\u0142adzie projekt\u00f3w szkoleniowych, inwestycyjnych,<\/li>\n<li>nabycie umiej\u0119tno\u015bci przygotowania wniosku, konstruowania bud\u017cetu projektu, harmonogramu oraz samodzielnej pracy w Generatorze Wniosk\u00f3w Aplikacyjnych<\/li>\n<\/ul>\n<p><strong>Zapraszamy na szkolenie w formie online lub formie stacjonarnej z zachowaniem wytycznych dot. bezpiecze\u0144stwa.<\/strong><\/p>\n<h3><span style=\"text-decoration: underline;\"><em>Korzy\u015bci ze szkolenia online (telekonferencji na \u017cywo):<\/em><\/span><\/h3>\n<h3><span style=\"text-decoration: underline;\"><em><\/em><\/span><em>&#8211; bez wychodzenia z domu\/biura bierzesz udzia\u0142 w pe\u0142nowarto\u015bciowym szkoleniu,<br \/> &#8211; dopasowali\u015bmy program szkolenia stacjonarnego do wersji zdalnej zachowuj\u0105c najwy\u017csz\u0105 jako\u015b\u0107,<br \/> &#8211; szkolenie online jest ta\u0144sze ni\u017c odpowiednik stacjonarnego,<br \/> &#8211; widzisz i s\u0142yszysz trenera,<br \/> &#8211; widzisz <\/em><em>prezentacj\u0119 i trenera na \u017cywo, <\/em><em><br \/> &#8211; mo\u017cesz zadawa\u0107 pytania i wyja\u015bnia\u0107 swoje w\u0105tpliwo\u015bci,<br \/> &#8211; dost\u0119p poprzez link wys\u0142any na Pa\u0144stwa e-mail (wystarczy laptop lub komputer z g\u0142o\u015bnikami),<br \/> <\/em><\/h3>\n<h3><em>&#8211; korzystamy z ClickMeeting, mo\u017cesz zadawa\u0107 pytania na czacie,<br \/> &#8211; konsultacje z trenerem po szkoleniu,<br \/> &#8211; otrzymujesz paczk\u0119 materia\u0142\u00f3w wysy\u0142an\u0105 poczt\u0105 przed szkoleniem: dyplom, notes, d\u0142ugopis, teczka, skrypt szkoleniowy, a tak\u017ce materia\u0142y w wersji elektronicznej po szkoleniu.<\/em><\/h3>\n<h3><em>\u00a0<\/em><\/h3>\n<p><em><\/em><\/p>\n<h3><em><\/em><\/h3>\n<p><em><\/em><\/p>\n<h2>PROGRAM SZKOLENIA\u00a0<\/h2>\n<p>&nbsp;<\/p>\n<h3><span>9.00 Rozpocz\u0119cie szkolenia<\/span><\/h3>\n<p>&nbsp;<\/p>\n<p><strong>1. WPROWADZENIE W TEMATYK\u0118 FUNDUSZY UNIJNYCH<\/strong><br \/> &#8211; podstawowe zagadnienia i definicje dotycz\u0105ce \u015brodk\u00f3w unijnych,<br \/>&#8211; zasady i regulacje obowi\u0105zuj\u0105ce pa\u0144stwa cz\u0142onkowskie, w tym Polsk\u0119 zwi\u0105zane z wydatkowaniem \u015brodk\u00f3w,<br \/>&#8211; zasady r\u00f3wno\u015bciowe, standardy dost\u0119pno\u015bci, Karta Praw Podstawowych,\u00a0Konwencja o Prawach Os\u00f3b Niepe\u0142nosprawnych, a fundusze 2021-2027<br \/> &#8211; wyja\u015bnienia zale\u017cno\u015bci pomi\u0119dzy europejskimi i krajowymi dokumentami strategicznymi,<br \/> &#8211; polityka sp\u00f3jno\u015bci w nowym okresie 2021-2027,<br \/> &#8211; fundusze EFS+, EFRR, Fundusz na rzecz Sprawiedliwej Transformacji<br \/> &#8211; nowe rozporz\u0105dzenia unijne i nowa ustawa o zasadach realizacji zada\u0144 finansowanych ze \u015brodk\u00f3w europejskich w perspektywie finansowej 2021-2027, nowe\u00a0Wytyczne dotycz\u0105ce kwalifikowalno\u015bci wydatk\u00f3w na lata 2021-2027\u00a0<\/p>\n<p>&nbsp;<\/p>\n<p><strong>2.\u00a0 FUNDUSZE UNIJNE A TZW. KRAJOWY PLAN ODBUDOWY KPO<\/strong><\/p>\n<p><strong><\/strong><\/p>\n<p><strong>3. NOWE SKONSOLIDOWANE CELE POLITYKI UNII EUROPEJSKIEJ NA LATA 2021-2027 I ICH WP\u0141YW NA REGIONY<\/strong><br \/> &#8211; Bardziej Inteligentna Europa<br \/> &#8211; Ekologiczna, niskoemisyjna Europa<br \/> &#8211; Bardziej po\u0142\u0105czona Europa<br \/> &#8211; Europa bardziej socjalna<br \/> &#8211; Europa bli\u017csza obywatelom<\/p>\n<p><strong>4.<\/strong>\u00a0 <strong>NOWE PROGRAMY KRAJOWE I REGIONALNE W LATACH 2021-2027<\/strong><\/p>\n<p>&#8211; Fundusze dla region\u00f3w w wojew\u00f3dztwach<br \/> &#8211; Fundusze Europejskie na Infrastruktur\u0119, Klimat, \u015arodowisko<br \/> &#8211; Fundusze Europejskie dla Rozwoju Spo\u0142ecznego<br \/> &#8211; Programy Europejskiej Wsp\u00f3\u0142pracy Terytorialnej<br \/> &#8211; Fundusze Europejskie na Rozw\u00f3j Cyfrowy<br \/> &#8211; Fundusze Europejskie dla Polski Wschodniej<br \/> &#8211; Fundusze Europejskie dla Nowoczesnej Gospodarki<br \/> &#8211; Pomoc Techniczna dla Funduszy Europejskich<strong><\/strong><\/p>\n<p>&nbsp;<\/p>\n<p><strong style=\"font-size: 14px;\">5. UMOWA PARTNERSTWA NA LATA 2021-2027<\/strong><\/p>\n<p>&#8211; \u201ekoperty regionalne\u201d dla wojew\u00f3dztw,<br \/> &#8211; wyzwania i cele rozwoju naszego kraju i region\u00f3w,<br \/> &#8211; planowane programy operacyjne \u2013 om\u00f3wienie plan\u00f3w,<br \/> &#8211; planowany podzia\u0142 \u015brodk\u00f3w finansowych w wojew\u00f3dztwach,<br \/> &#8211; wyb\u00f3r cel\u00f3w polityki,<br \/> &#8211; koordynacja i komplementarno\u015b\u0107,<br \/> &#8211; uk\u0142ad poszczeg\u00f3lnych program\u00f3w,<br \/> &#8211; kiedy rusz\u0105 nabory?<br \/> &#8211; ile dla kogo?<\/p>\n<p>&nbsp;<\/p>\n<p><strong>6. NOWE WYTYCZNE W ZAKRESIE KWALIFIKOWALNO\u015aCI WYDATK\u00d3W W LATACH 2021-2027<\/strong><\/p>\n<p><strong>7.\u00a0 ZMIANY W METODACH UPROSZCZONYCH ROZLICZANIA WYDATK\u00d3W<\/strong><\/p>\n<p><strong>8. SYSTEM INSTYTUCJONALNY I KONTROLE PROJEKT\u00d3W<\/strong><\/p>\n<p><strong>9. ZASADY WYBORU PROJEKT\u00d3W<\/strong><\/p>\n<p>&nbsp;<\/p>\n<p><strong>10. NOWE SYSTEMY INFORMATYCZNE\u00a0<\/strong><\/p>\n<p>&#8211; generatory wniosk\u00f3w o dofinansowanie, w tym nowe generatory WOD2021 i SOWA EFS+<\/p>\n<p>&#8211; SL2021, a CST2021.<\/p>\n<p>&#8211;\u00a0nowe aplikacje informatyczne: CST2021, SZT2021, Administracja, w tym eSZOP, WOD2021, SL2021, BK2021, e-Kontrole, SR2021, SKANER, Kontrole Krzy\u017cowe, SM EFS<\/p>\n<p>\u00a0<strong>11. ZAMYKANIE PROJEKT\u00d3W UE 2021-2027<\/strong><\/p>\n<p><strong>12. DYSKUSJA, PYTANIA I ODPOWIEDZI KONSULTACJE INDYWIDUALNE<\/strong><\/p>\n<p><strong><\/strong><\/p>\n<p>&nbsp;<\/p>\n<h3><span>14.00 Zako\u0144czenie szkolenia<\/span><\/h3>\n<h3><span style=\"font-size: 14px; color: #666666; font-weight: 500;\">\u00a0<\/span><\/h3>\n<h2>Cena szkolenia zawiera:<\/h2>\n<ul>\n<li>profesjonalnie przeprowadzone szkolenie,<\/li>\n<li>drukowane materia\u0142y szkoleniowe,<\/li>\n<li>zestaw gad\u017cet\u00f3w (notatnik, d\u0142ugopis, teczka),<\/li>\n<li>imienny dyplom uko\u0144czenia szkolenia,<\/li>\n<li>mo\u017cliwo\u015b\u0107 kontaktu z prowadz\u0105cym r\u00f3wnie\u017c po zako\u0144czeniu szkolenia.<\/li>\n<\/ul>\n<p><em><\/em><\/p>\n<p><em>Posiadamy akredytacj\u0119 WUP w Lublinie, wpis w Rejestrze Instytucji Szkoleniowych o nr 2.06\/00042\/2021. <\/em><\/p>\n<p><em>Wsp\u00f3\u0142pracujemy z Urz\u0119dami Pracy w ramach Krajowego Funduszu Szkoleniowego.<\/em><\/p>\n<p><em><\/em><\/p>\n<p>&nbsp;<\/p>\n<p>&nbsp;<\/p>\n<p>[\/et_pb_text][et_pb_text _builder_version=&#8221;3.27.4&#8243; text_font=&#8221;Lato||||||||&#8221; header_font=&#8221;Varela|700|||||||&#8221; header_2_font=&#8221;Lato|700|||||||&#8221; header_3_font=&#8221;Lato|700|||||||&#8221; header_3_font_size=&#8221;18px&#8221; header_4_font=&#8221;Varela||||||||&#8221; custom_padding=&#8221;|50px||50px&#8221; locked=&#8221;off&#8221;][\/et_pb_text][\/et_pb_column][et_pb_column type=&#8221;1_3&#8243; _builder_version=&#8221;3.25&#8243; background_color=&#8221;#ffffff&#8221; custom_padding=&#8221;|||&#8221; custom_padding__hover=&#8221;|||&#8221;][et_pb_image src=&#8221;https:\/\/inkubatorprogress.pl\/wp-content\/uploads\/2018\/05\/ue.jpg&#8221; title_text=&#8221;ue&#8221; align_tablet=&#8221;center&#8221; align_phone=&#8221;&#8221; align_last_edited=&#8221;on|desktop&#8221; disabled_on=&#8221;on|on|off&#8221; _builder_version=&#8221;4.7.3&#8243; animation_style=&#8221;bounce&#8221; box_shadow_style=&#8221;preset1&#8243;][\/et_pb_image][et_pb_blurb title=&#8221;TERMINY SZKOLE\u0143 ONLINE:&#8221; use_icon=&#8221;on&#8221; font_icon=&#8221;%%128%%&#8221; icon_color=&#8221;#ffffff&#8221; use_circle=&#8221;on&#8221; circle_color=&#8221;#6DB52C&#8221; icon_placement=&#8221;left&#8221; _builder_version=&#8221;4.7.3&#8243; header_font=&#8221;Lato|700|||on||||&#8221; body_font=&#8221;Lato||||||||&#8221; custom_margin=&#8221;||20px|&#8221; custom_padding=&#8221;|50px||50px&#8221;][\/et_pb_blurb][et_pb_blurb title=&#8221;03.09.2026 r. od 9.00 do 14.00 &#8211; termin potwierdzony, gwarantowany!&#8221; use_icon=&#8221;on&#8221; font_icon=&#8221;%%180%%&#8221; icon_color=&#8221;#ffffff&#8221; use_circle=&#8221;on&#8221; circle_color=&#8221;#6DB52C&#8221; icon_placement=&#8221;left&#8221; _builder_version=&#8221;4.7.3&#8243; header_font=&#8221;Lato|700|||||||&#8221; body_font=&#8221;Lato||||||||&#8221; body_line_height=&#8221;1em&#8221; custom_margin=&#8221;||20px|&#8221; custom_padding=&#8221;|50px||50px&#8221; hover_enabled=&#8221;0&#8243; sticky_enabled=&#8221;0&#8243;][\/et_pb_blurb][et_pb_blurb title=&#8221;szkolenie organizujemy tak\u017ce w formule zamkni\u0119tej\/indywidualnej, zaproponuj nam termin wygodny dla Ciebie tel. 661884278, miroslaw@inkubatorprogress.pl&#8221; use_icon=&#8221;on&#8221; font_icon=&#8221;%%180%%&#8221; icon_color=&#8221;#ffffff&#8221; use_circle=&#8221;on&#8221; circle_color=&#8221;#6DB52C&#8221; icon_placement=&#8221;left&#8221; _builder_version=&#8221;4.7.3&#8243; header_font=&#8221;Lato|700|||||||&#8221; body_font=&#8221;Lato||||||||&#8221; body_line_height=&#8221;1em&#8221; custom_margin=&#8221;||20px|&#8221; custom_padding=&#8221;|50px||50px&#8221;][\/et_pb_blurb][et_pb_divider show_divider=&#8221;off&#8221; _builder_version=&#8221;3.2&#8243;][\/et_pb_divider][et_pb_divider show_divider=&#8221;off&#8221; _builder_version=&#8221;3.2&#8243;][\/et_pb_divider][et_pb_button button_url=&#8221;https:\/\/inkubatorprogress.pl\/?page_id=207396&#8243; url_new_window=&#8221;on&#8221; button_text=&#8221;Formularz Zg\u0142oszeniowy&#8221; button_alignment=&#8221;center&#8221; _builder_version=&#8221;3.16&#8243; custom_button=&#8221;on&#8221; button_text_size=&#8221;16px&#8221; button_text_color=&#8221;#6db52c&#8221; button_use_icon=&#8221;off&#8221; button_text_color_hover=&#8221;#ffffff&#8221; button_border_color_hover=&#8221;#6db52c&#8221; button_bg_color_hover=&#8221;#6db52c&#8221; button_text_size__hover_enabled=&#8221;off&#8221; button_one_text_size__hover_enabled=&#8221;off&#8221; button_two_text_size__hover_enabled=&#8221;off&#8221; button_text_color__hover_enabled=&#8221;on&#8221; button_text_color__hover=&#8221;#ffffff&#8221; button_one_text_color__hover_enabled=&#8221;off&#8221; button_two_text_color__hover_enabled=&#8221;off&#8221; button_border_width__hover_enabled=&#8221;off&#8221; button_one_border_width__hover_enabled=&#8221;off&#8221; button_two_border_width__hover_enabled=&#8221;off&#8221; button_border_color__hover_enabled=&#8221;on&#8221; button_border_color__hover=&#8221;#6db52c&#8221; button_one_border_color__hover_enabled=&#8221;off&#8221; button_two_border_color__hover_enabled=&#8221;off&#8221; button_border_radius__hover_enabled=&#8221;off&#8221; button_one_border_radius__hover_enabled=&#8221;off&#8221; button_two_border_radius__hover_enabled=&#8221;off&#8221; button_letter_spacing__hover_enabled=&#8221;off&#8221; button_one_letter_spacing__hover_enabled=&#8221;off&#8221; button_two_letter_spacing__hover_enabled=&#8221;off&#8221; button_bg_color__hover_enabled=&#8221;on&#8221; button_bg_color__hover=&#8221;#6db52c&#8221; button_one_bg_color__hover_enabled=&#8221;off&#8221; button_two_bg_color__hover_enabled=&#8221;off&#8221;][\/et_pb_button][et_pb_image src=&#8221;https:\/\/inkubatorprogress.pl\/wp-content\/uploads\/2018\/05\/DSC_4197g-scaled.jpg&#8221; align_tablet=&#8221;center&#8221; align_phone=&#8221;&#8221; align_last_edited=&#8221;on|desktop&#8221; _builder_version=&#8221;3.23&#8243; animation_style=&#8221;bounce&#8221; box_shadow_style=&#8221;preset1&#8243;][\/et_pb_image][et_pb_team_member name=&#8221;Miros\u0142aw Cio\u0142ek&#8221; position=&#8221;Trener&#8221; icon_color=&#8221;#000000&#8243; _builder_version=&#8221;3.12.3&#8243; header_font=&#8221;Lato|700|||||||&#8221; body_font=&#8221;Lato||||||||&#8221; custom_padding=&#8221;|50px|50px|50px&#8221; icon_hover_color=&#8221;#000000&#8243; icon_color__hover=&#8221;#000000&#8243; icon_color__hover_enabled=&#8221;on&#8221;]<\/p>\n<p>Absolwent Wydzia\u0142u Prawa i Administracji UMCS w Lublinie. Zawodowo zwi\u0105zany z tematyk\u0105 funduszy europejskich od 2006 roku.<\/p>\n<p>Rozliczy\u0142 jako Koordynator Projektu w O.K. Centrum J\u0119zyk\u00f3w Obcych projekty: PO KL 8.1.1 \u201eCertyfikat Sukcesu\u201d oraz PO KL 8.1.1 \u201eKwalifikacje na Sprzeda\u017c\u201d (IP by\u0142 Urz\u0105d Marsza\u0142kowski w \u0141odzi) o \u0142\u0105cznej warto\u015bci ok. 1 mln 250 tys. Na Uniwersytecie Marii Curie-Sk\u0142odowskiej realizowa\u0142 jeden z najwi\u0119kszych projekt\u00f3w finansowanych ze \u015brodk\u00f3w Europejskiego Funduszu Spo\u0142ecznego o warto\u015bci 22 mln. z\u0142. \u2013 \u201eUMCS dla rynku pracy i gospodarki opartej na wiedzy\u201d (IP by\u0142o Narodowe Centrum Bada\u0144 i Rozwoju). Posiada do\u015bwiadczenie jako pracownik Oddzia\u0142u Oceny Projekt\u00f3w w jednej z instytucji wdra\u017caj\u0105cych \u015brodki europejskie.<\/p>\n<p>Posiada wiedz\u0119 teoretyczn\u0105 (uko\u0144czone liczne kursy i szkolenia) oraz praktyczn\u0105 z zakresu uwarunkowa\u0144 realizacji projektu (monitoring, sprawozdawczo\u015b\u0107, kontrola, ewaluacja, promocja, rozliczanie), a tak\u017ce opracowywania wniosk\u00f3w o dofinansowanie projekt\u00f3w z funduszy UE.<\/p>\n<p>Specjalizuje si\u0119 w problematyce kwalifikowalno\u015bci wydatk\u00f3w, rozlicze\u0144, kontroli, zam\u00f3wie\u0144 publicznych i systemie SL2014\/SL2021.<\/p>\n<p>Aktualnie Prezes Zarz\u0105du Fundacji IPIP.<\/p>\n<p>Trener z zakresu pozyskiwania funduszy europejskich, szeroko poj\u0119tej realizacji i rozliczania projekt\u00f3w UE, zam\u00f3wie\u0144 publicznych (ustawa PZP oraz zasada konkurencyjno\u015bci), a tak\u017ce z zakresu aplikacji informatycznych SL2014, SL2021, CST2021, SM EFS+, Baza Konkurencyjno\u015bci oraz LSI.<\/p>\n<p>Trener i doradca z 12-letnim sta\u017cem \u2013 prowadzi szkolenia skierowane do instytucji dystrybuuj\u0105cych \u015brodki unijne (instytucje zarz\u0105dzaj\u0105ce i po\u015brednicz\u0105ce), a tak\u017ce do Wnioskodawc\u00f3w i Beneficjent\u00f3w. W\u015br\u00f3d wielu licznych szkole\u0144 prowadzi\u0142 liczne szkolenia dla pracownik\u00f3w sieci Punkt\u00f3w Informacyjnych Funduszy Europejskich, Ministerstwa Funduszy i Polityki Regionalnej, Ministerstwa Edukacji Narodowej, Ministerstwa Klimatu i \u015arodowiska,\u00a0instytucji zarz\u0105dzaj\u0105cych i po\u015brednicz\u0105cych.<\/p>\n<p>Referencje dost\u0119pne w zak\u0142adce <a href=\"https:\/\/inkubatorprogress.pl\/?page_id=207394\">referencje.<\/a><\/p>\n<p>[\/et_pb_team_member][\/et_pb_column][\/et_pb_row][\/et_pb_section][et_pb_section fb_built=&#8221;1&#8243; disabled_on=&#8221;off|off|on&#8221; _builder_version=&#8221;3.22&#8243; background_color=&#8221;rgba(242,242,242,0.63)&#8221; custom_padding=&#8221;0|0px|0|0px&#8221;][et_pb_row column_structure=&#8221;1_3,2_3&#8243; use_custom_gutter=&#8221;on&#8221; gutter_width=&#8221;1&#8243; make_equal=&#8221;on&#8221; disabled_on=&#8221;off|off|on&#8221; module_class=&#8221; et_pb_row_fullwidth&#8221; _builder_version=&#8221;3.25&#8243; width=&#8221;100%&#8221; width_tablet=&#8221;100%&#8221; width_phone=&#8221;&#8221; width_last_edited=&#8221;on|desktop&#8221; max_width=&#8221;100%&#8221; max_width_tablet=&#8221;100%&#8221; max_width_phone=&#8221;&#8221; max_width_last_edited=&#8221;on|desktop&#8221; module_alignment=&#8221;center&#8221; custom_padding=&#8221;0|0px|0|0px&#8221; make_fullwidth=&#8221;on&#8221;][et_pb_column type=&#8221;1_3&#8243; _builder_version=&#8221;3.25&#8243; background_color=&#8221;#ffffff&#8221; custom_padding=&#8221;|||&#8221; custom_padding__hover=&#8221;|||&#8221;][et_pb_text _builder_version=&#8221;3.27.4&#8243; header_font=&#8221;Lato|700|||||||&#8221; header_2_font=&#8221;Lato|700|||||||&#8221; custom_margin=&#8221;|||&#8221; custom_padding=&#8221;50px|50px||50px&#8221;]<\/p>\n<h1>Szkolenie: &#8222;Specjalista ds. funduszy unijnych 2021-2027&#8221;<\/h1>\n<p>&nbsp;<\/p>\n<p>&nbsp;<\/p>\n<p>[\/et_pb_text][et_pb_text _builder_version=&#8221;4.7.3&#8243; text_font=&#8221;Lato||||||||&#8221; header_font=&#8221;Varela|700|||||||&#8221; header_2_font=&#8221;Lato|700|||||||&#8221; header_3_font=&#8221;Lato|700|||||||&#8221; header_3_font_size=&#8221;18px&#8221; header_4_font=&#8221;Varela||||||||&#8221; custom_padding=&#8221;|50px||50px&#8221;]<\/p>\n<div class=\"et-box et-shadow\">\n<div class=\"et-box et-shadow\">\n<div class=\"et-box et-shadow\">\n<h3 class=\"et-box-content\"><strong style=\"font-size: 18px;\">Cena szkolenia online: 599,00 z\u0142 netto=brutto (Organizator jest ZW z VAT).<\/strong><\/h3>\n<\/div>\n<p>Przed nami nowa perspektywa finansowa 2021-2027, kt\u00f3ra potrwa do 31 grudnia 2029 r. Mamy ju\u017c odblokowane \u015brodki zgodnie z zasad\u0105 praworz\u0105dno\u015bci, zaakceptowan\u0105 Umow\u0119 Partnerstwa \u2013 najwa\u017cniejszy dokument okre\u015blaj\u0105cy, w co zostan\u0105 zainwestowane Fundusze Europejskie w przysz\u0142ej perspektywie finansowej UE oraz przede wszystkim zaakceptowane s\u0105 ju\u017c przez Komisj\u0119 Europejsk\u0105 wszystkie, nowe programy krajowe oraz regionalne. Warto przygotowa\u0107 do nowego rozdania. Pierwsze konkursy ju\u017c wystartowa\u0142y, planowanych jest wiele nowych nabor\u00f3w, a pierwsi Beneficjenci podpisuj\u0105 ju\u017c umowy o dofinansowanie.<\/p>\n<p>Warto\u015b\u0107 ca\u0142ego bud\u017cetu UE na lata 2021-2027 wynosi 1,074 bln euro, a dodatkowo fundusz odbudowy o warto\u015bci 750 mld euro b\u0119dzie sk\u0142ada\u0142 si\u0119 z: 390 mld euro w formie grant\u00f3w, a 360 mld euro w formie po\u017cyczek. \u015arodki unijne, kt\u00f3re otrzyma\u0142a Polska, maj\u0105 dalej rozwija\u0107 nasz kraj w ramach polityki sp\u00f3jno\u015bci (klasyczne fundusze unijne) oraz pom\u00f3c w odbudowie i umocnieniu gospodarki po pandemii, a tak\u017ce pozwoli\u0107 na realizacj\u0119 unijnych cel\u00f3w w latach 2021-2027.<\/p>\n<p>Chodzi o 76 miliard\u00f3w euro z unijnej polityki sp\u00f3jno\u015bci i Funduszu na rzecz Sprawiedliwej Transformacji. Umow\u0119 Partnerstwa przygotowa\u0142o Ministerstwo Funduszy i Polityki Regionalnej, a zosta\u0142a przyj\u0119ta przez Komisj\u0119 Europejsk\u0105.<\/p>\n<p>Podczas szkolenia omawiamy tak\u017ce nowe zaakceptowane programy operacyjne krajowe i regionalne, dost\u0119pne SZOPY i wytyczne dotycz\u0105ce kwalifikowalno\u015bci wydatk\u00f3w na lata 2021-2027.\u00a0Przedstawiamy tak\u017ce aktualne informacje dotycz\u0105ce Centralnego Systemu Teleinformatycznego 2021 CST2021 i aplikacji: CST2021, SZT2021, Administracja, w tym eSZOP, WOD2021, SL2021, BK2021, e-Kontrole, SR2021, SKANER, Kontrole Krzy\u017cowe, SM EFS. Zwracamy uwag\u0119 na r\u00f3\u017cnice, nowo\u015bci wzgl\u0119dem perspektywy 2014-2020.<\/p>\n<p>Warto pozna\u0107 nowe dokumenty i zasady aplikowania o te fundusze europejskie.<\/p>\n<p>Na szkolenie zapraszamy osoby pragn\u0105ce podnie\u015b\u0107 kwalifikacje zawodowe polegaj\u0105ce na pozyskiwaniu funduszy unijnych. Zapraszamy osoby pocz\u0105tkuj\u0105ce, jak i chc\u0105ce zaktualizowa\u0107 posiadan\u0105 wiedz\u0119 w kontek\u015bcie nowej perspektywy. Wymagania dotycz\u0105ce udzia\u0142u w szkoleniu: brak.<\/p>\n<p>&nbsp;<\/p>\n<h3>Cele szkolenia:<\/h3>\n<ul>\n<li>nabycie przez uczestnik\u00f3w\/czki wiedzy nt. mo\u017cliwo\u015bci pozyskania funduszy unijnych w okresie 2021-2027,<\/li>\n<li>poznanie struktury funduszy unijnych, instytucji wdra\u017caj\u0105cych i zasad obowi\u0105zuj\u0105cych w nowej perspektywie,<\/li>\n<li>nabycie wiedzy nt. cel\u00f3w tematycznych Funduszy Europejskich okre\u015blonych przez Komisj\u0119 Europejsk\u0105,<\/li>\n<li>poznanie program\u00f3w obowi\u0105zuj\u0105cych w Polsce na lata 2021-2027,<\/li>\n<li>przekazanie wiedzy dot. nowych instrument\u00f3w terytorialnych i zmian w systemie finansowania, oceny wniosk\u00f3w i realizacji projekt\u00f3w,<\/li>\n<li>przekazanie praktycznych wskaz\u00f3wek na przyk\u0142adzie projekt\u00f3w szkoleniowych, inwestycyjnych,<\/li>\n<li>nabycie umiej\u0119tno\u015bci przygotowania wniosku, konstruowania bud\u017cetu projektu, harmonogramu oraz samodzielnej pracy w Generatorze Wniosk\u00f3w Aplikacyjnych<\/li>\n<\/ul>\n<p><strong>Zapraszamy na szkolenie w formie online lub formie stacjonarnej z zachowaniem wytycznych dot. bezpiecze\u0144stwa.<\/strong><\/p>\n<h3><span><em>Korzy\u015bci ze szkolenia online (telekonferencji na \u017cywo):<\/em><\/span><\/h3>\n<h3><span><em><\/em><\/span><em>&#8211; bez wychodzenia z domu\/biura bierzesz udzia\u0142 w pe\u0142nowarto\u015bciowym szkoleniu,<br \/> &#8211; dopasowali\u015bmy program szkolenia stacjonarnego do wersji zdalnej zachowuj\u0105c najwy\u017csz\u0105 jako\u015b\u0107,<br \/> &#8211; szkolenie online jest ta\u0144sze ni\u017c odpowiednik stacjonarnego,<br \/> &#8211; widzisz i s\u0142yszysz trenera,<br \/> &#8211; widzisz <\/em><em>prezentacj\u0119 i trenera na \u017cywo, <\/em><em><br \/> &#8211; mo\u017cesz zadawa\u0107 pytania i wyja\u015bnia\u0107 swoje w\u0105tpliwo\u015bci,<br \/> &#8211; dost\u0119p poprzez link wys\u0142any na Pa\u0144stwa e-mail (wystarczy laptop lub komputer z g\u0142o\u015bnikami),<br \/> <\/em><\/h3>\n<h3><em>&#8211; korzystamy z Zooma, mo\u017cesz zadawa\u0107 pytania na czacie lub przez mikrofon,<br \/> &#8211; konsultacje z trenerem po szkoleniu,<br \/> &#8211; otrzymujesz paczk\u0119 materia\u0142\u00f3w wysy\u0142an\u0105 poczt\u0105 przed szkoleniem: dyplom, notes, d\u0142ugopis, teczka, skrypt szkoleniowy, a tak\u017ce materia\u0142y w wersji elektronicznej po szkoleniu.<\/em><\/h3>\n<h3><em>\u00a0<\/em><\/h3>\n<p><em><\/em><\/p>\n<h3><em><\/em><\/h3>\n<p><em><\/em><\/p>\n<h2>PROGRAM SZKOLENIA<\/h2>\n<h2><span style=\"font-size: 18px;\">9.00 Rozpocz\u0119cie szkolenia<\/span><\/h2>\n<p>&nbsp;<\/p>\n<p><strong>1. WPROWADZENIE W TEMATYK\u0118 FUNDUSZY UNIJNYCH<\/strong><br \/> &#8211; podstawowe zagadnienia i definicje dotycz\u0105ce \u015brodk\u00f3w unijnych,<br \/>&#8211; zasady i regulacje obowi\u0105zuj\u0105ce pa\u0144stwa cz\u0142onkowskie, w tym Polsk\u0119 zwi\u0105zane z wydatkowaniem \u015brodk\u00f3w,<br \/>&#8211; zasady r\u00f3wno\u015bciowe, standardy dost\u0119pno\u015bci, Karta Praw Podstawowych,\u00a0Konwencja o Prawach Os\u00f3b Niepe\u0142nosprawnych, a fundusze 2021-2027<br \/> &#8211; wyja\u015bnienia zale\u017cno\u015bci pomi\u0119dzy europejskimi i krajowymi dokumentami strategicznymi,<br \/> &#8211; polityka sp\u00f3jno\u015bci w nowym okresie 2021-2027,<br \/> &#8211; fundusze EFS+, EFRR, Fundusz na rzecz Sprawiedliwej Transformacji<br \/> &#8211; nowe rozporz\u0105dzenia unijne i nowa ustawa o zasadach realizacji zada\u0144 finansowanych ze \u015brodk\u00f3w europejskich w perspektywie finansowej 2021-2027, nowe\u00a0Wytyczne dotycz\u0105ce kwalifikowalno\u015bci wydatk\u00f3w na lata 2021-2027\u00a0<\/p>\n<p>&nbsp;<\/p>\n<p><strong>2.\u00a0 FUNDUSZE UNIJNE A TZW. KRAJOWY PLAN ODBUDOWY KPO<\/strong><\/p>\n<p><strong><\/strong><\/p>\n<p><strong>3. NOWE SKONSOLIDOWANE CELE POLITYKI UNII EUROPEJSKIEJ NA LATA 2021-2027 I ICH WP\u0141YW NA REGIONY<\/strong><br \/> &#8211; Bardziej Inteligentna Europa<br \/> &#8211; Ekologiczna, niskoemisyjna Europa<br \/> &#8211; Bardziej po\u0142\u0105czona Europa<br \/> &#8211; Europa bardziej socjalna<br \/> &#8211; Europa bli\u017csza obywatelom<\/p>\n<p><strong>4.<\/strong>\u00a0 <strong>NOWE PROGRAMY KRAJOWE I REGIONALNE W LATACH 2021-2027<\/strong><\/p>\n<p>&#8211; Fundusze dla region\u00f3w w wojew\u00f3dztwach<br \/> &#8211; Fundusze Europejskie na Infrastruktur\u0119, Klimat, \u015arodowisko<br \/> &#8211; Fundusze Europejskie dla Rozwoju Spo\u0142ecznego<br \/> &#8211; Programy Europejskiej Wsp\u00f3\u0142pracy Terytorialnej<br \/> &#8211; Fundusze Europejskie na Rozw\u00f3j Cyfrowy<br \/> &#8211; Fundusze Europejskie dla Polski Wschodniej<br \/> &#8211; Fundusze Europejskie dla Nowoczesnej Gospodarki<br \/> &#8211; Pomoc Techniczna dla Funduszy Europejskich<strong><\/strong><\/p>\n<p>&nbsp;<\/p>\n<p><strong>5. UMOWA PARTNERSTWA NA LATA 2021-2027<\/strong><\/p>\n<p>&#8211; \u201ekoperty regionalne\u201d dla wojew\u00f3dztw,<br \/> &#8211; wyzwania i cele rozwoju naszego kraju i region\u00f3w,<br \/> &#8211; planowane programy operacyjne \u2013 om\u00f3wienie plan\u00f3w,<br \/> &#8211; planowany podzia\u0142 \u015brodk\u00f3w finansowych w wojew\u00f3dztwach,<br \/> &#8211; wyb\u00f3r cel\u00f3w polityki,<br \/> &#8211; koordynacja i komplementarno\u015b\u0107,<br \/> &#8211; uk\u0142ad poszczeg\u00f3lnych program\u00f3w,<br \/> &#8211; kiedy rusz\u0105 nabory?<br \/> &#8211; ile dla kogo?<\/p>\n<p>&nbsp;<\/p>\n<p><strong>6. NOWE WYTYCZNE W ZAKRESIE KWALIFIKOWALNO\u015aCI WYDATK\u00d3W W LATACH 2021-2027<\/strong><\/p>\n<p><strong>7.\u00a0 ZMIANY W METODACH UPROSZCZONYCH ROZLICZANIA WYDATK\u00d3W<\/strong><\/p>\n<p><strong>8. SYSTEM INSTYTUCJONALNY I KONTROLE PROJEKT\u00d3W<\/strong><\/p>\n<p><strong>9. ZASADY WYBORU PROJEKT\u00d3W<\/strong><\/p>\n<p><strong>10. NOWE SYSTEMY INFORMATYCZNE\u00a0<\/strong><\/p>\n<p>&#8211; generatory wniosk\u00f3w o dofinansowanie, w tym nowe generatory WOD2021 i SOWA EFS+<\/p>\n<p>&#8211; SL2021, a CST2021.<\/p>\n<p>&#8211;\u00a0nowe aplikacje informatyczne: CST2021, SZT2021, Administracja, w tym eSZOP, WOD2021, SL2021, BK2021, e-Kontrole, SR2021, SKANER, Kontrole Krzy\u017cowe, SM EFS<\/p>\n<p>\u00a0<strong>11. ZAMYKANIE PROJEKT\u00d3W UE 2021-2027<\/strong><\/p>\n<p><strong>12. DYSKUSJA, PYTANIA I ODPOWIEDZI KONSULTACJE INDYWIDUALNE<\/strong><\/p>\n<p><strong><\/strong><\/p>\n<p>&nbsp;<\/p>\n<h3><span>14.00 Zako\u0144czenie szkolenia<\/span><span style=\"font-size: 14px; color: #666666; font-weight: 500;\">\u00a0<\/span><\/h3>\n<p>&nbsp;<\/p>\n<h2>Cena szkolenia zawiera:<\/h2>\n<ul>\n<li>profesjonalnie przeprowadzone szkolenie,<\/li>\n<li>drukowane materia\u0142y szkoleniowe,<\/li>\n<li>zestaw gad\u017cet\u00f3w (notatnik, d\u0142ugopis, teczka),<\/li>\n<li>imienny dyplom uko\u0144czenia szkolenia,<\/li>\n<li>mo\u017cliwo\u015b\u0107 kontaktu z prowadz\u0105cym r\u00f3wnie\u017c po zako\u0144czeniu szkolenia.<\/li>\n<\/ul>\n<p><em><\/em><\/p>\n<p><em>Posiadamy akredytacj\u0119 WUP w Lublinie, wpis w Rejestrze Instytucji Szkoleniowych o nr 2.06\/00042\/2021. <\/em><\/p>\n<p><em>Wsp\u00f3\u0142pracujemy z Urz\u0119dami Pracy w ramach Krajowego Funduszu Szkoleniowego.<\/em><\/p>\n<p><em><\/em><\/p>\n<p>&nbsp;<\/p>\n<p>&nbsp;<\/p>\n<\/div>\n<\/div>\n<p>[\/et_pb_text][et_pb_image src=&#8221;https:\/\/inkubatorprogress.pl\/wp-content\/uploads\/2018\/05\/ue.jpg&#8221; title_text=&#8221;ue&#8221; align_tablet=&#8221;center&#8221; align_phone=&#8221;&#8221; align_last_edited=&#8221;on|desktop&#8221; disabled_on=&#8221;off|off|off&#8221; _builder_version=&#8221;4.7.3&#8243; animation_style=&#8221;bounce&#8221; box_shadow_style=&#8221;preset1&#8243;][\/et_pb_image][et_pb_divider show_divider=&#8221;off&#8221; _builder_version=&#8221;3.19.14&#8243;][\/et_pb_divider][et_pb_divider show_divider=&#8221;off&#8221; _builder_version=&#8221;3.2.2&#8243;][\/et_pb_divider][et_pb_blurb title=&#8221;TERMINY SZKOLE\u0143 ONLINE:&#8221; use_icon=&#8221;on&#8221; font_icon=&#8221;%%128%%&#8221; icon_color=&#8221;#ffffff&#8221; use_circle=&#8221;on&#8221; circle_color=&#8221;#6DB52C&#8221; icon_placement=&#8221;left&#8221; _builder_version=&#8221;4.7.3&#8243; header_font=&#8221;Lato|700|||on||||&#8221; body_font=&#8221;Lato||||||||&#8221; custom_margin=&#8221;||20px|&#8221; custom_padding=&#8221;|50px||50px&#8221;][\/et_pb_blurb][et_pb_blurb title=&#8221;03.09.2026 r. od 9.00 do 14.00 &#8211; termin potwierdzony, gwarantowany!&#8221; use_icon=&#8221;on&#8221; font_icon=&#8221;%%180%%&#8221; icon_color=&#8221;#ffffff&#8221; use_circle=&#8221;on&#8221; circle_color=&#8221;#6DB52C&#8221; icon_placement=&#8221;left&#8221; _builder_version=&#8221;4.7.3&#8243; header_font=&#8221;Lato|700|||||||&#8221; body_font=&#8221;Lato||||||||&#8221; body_line_height=&#8221;1em&#8221; custom_margin=&#8221;||20px|&#8221; custom_padding=&#8221;|50px||50px&#8221; hover_enabled=&#8221;0&#8243; sticky_enabled=&#8221;0&#8243;][\/et_pb_blurb][et_pb_blurb title=&#8221;szkolenie organizujemy tak\u017ce w formule zamkni\u0119tej\/indywidualnej, zaproponuj nam termin wygodny dla Ciebie tel. 661884278, miroslaw@inkubatorprogress.pl&#8221; use_icon=&#8221;on&#8221; font_icon=&#8221;%%180%%&#8221; icon_color=&#8221;#ffffff&#8221; use_circle=&#8221;on&#8221; circle_color=&#8221;#6DB52C&#8221; icon_placement=&#8221;left&#8221; _builder_version=&#8221;4.7.3&#8243; header_font=&#8221;Lato|700|||||||&#8221; body_font=&#8221;Lato||||||||&#8221; body_line_height=&#8221;1em&#8221; custom_margin=&#8221;||20px|&#8221; custom_padding=&#8221;|50px||50px&#8221;][\/et_pb_blurb][et_pb_divider show_divider=&#8221;off&#8221; _builder_version=&#8221;3.2.2&#8243;][\/et_pb_divider][et_pb_button button_url=&#8221;https:\/\/inkubatorprogress.pl\/?page_id=207396&#8243; url_new_window=&#8221;on&#8221; button_text=&#8221;Formularz Zg\u0142oszeniowy&#8221; button_alignment=&#8221;center&#8221; _builder_version=&#8221;3.16&#8243; custom_button=&#8221;on&#8221; button_text_size=&#8221;16px&#8221; button_text_color=&#8221;#6db52c&#8221; button_use_icon=&#8221;off&#8221; button_text_color_hover=&#8221;#ffffff&#8221; button_border_color_hover=&#8221;#6db52c&#8221; button_bg_color_hover=&#8221;#6db52c&#8221; button_text_size__hover_enabled=&#8221;off&#8221; button_one_text_size__hover_enabled=&#8221;off&#8221; button_two_text_size__hover_enabled=&#8221;off&#8221; button_text_color__hover_enabled=&#8221;on&#8221; button_text_color__hover=&#8221;#ffffff&#8221; button_one_text_color__hover_enabled=&#8221;off&#8221; button_two_text_color__hover_enabled=&#8221;off&#8221; button_border_width__hover_enabled=&#8221;off&#8221; button_one_border_width__hover_enabled=&#8221;off&#8221; button_two_border_width__hover_enabled=&#8221;off&#8221; button_border_color__hover_enabled=&#8221;on&#8221; button_border_color__hover=&#8221;#6db52c&#8221; button_one_border_color__hover_enabled=&#8221;off&#8221; button_two_border_color__hover_enabled=&#8221;off&#8221; button_border_radius__hover_enabled=&#8221;off&#8221; button_one_border_radius__hover_enabled=&#8221;off&#8221; button_two_border_radius__hover_enabled=&#8221;off&#8221; button_letter_spacing__hover_enabled=&#8221;off&#8221; button_one_letter_spacing__hover_enabled=&#8221;off&#8221; button_two_letter_spacing__hover_enabled=&#8221;off&#8221; button_bg_color__hover_enabled=&#8221;on&#8221; button_bg_color__hover=&#8221;#6db52c&#8221; button_one_bg_color__hover_enabled=&#8221;off&#8221; button_two_bg_color__hover_enabled=&#8221;off&#8221;][\/et_pb_button][et_pb_divider show_divider=&#8221;off&#8221; _builder_version=&#8221;3.2.2&#8243;][\/et_pb_divider][et_pb_image src=&#8221;https:\/\/inkubatorprogress.pl\/wp-content\/uploads\/2018\/05\/DSC_4197g-scaled.jpg&#8221; align_tablet=&#8221;center&#8221; align_phone=&#8221;&#8221; align_last_edited=&#8221;on|desktop&#8221; _builder_version=&#8221;3.23&#8243; animation_style=&#8221;bounce&#8221; box_shadow_style=&#8221;preset1&#8243;][\/et_pb_image][et_pb_divider show_divider=&#8221;off&#8221; _builder_version=&#8221;3.2&#8243;][\/et_pb_divider][et_pb_team_member name=&#8221;Miros\u0142aw Cio\u0142ek&#8221; position=&#8221;Trener&#8221; icon_color=&#8221;#000000&#8243; _builder_version=&#8221;3.12.3&#8243; header_font=&#8221;Lato|700|||||||&#8221; body_font=&#8221;Lato||||||||&#8221; custom_padding=&#8221;|50px|50px|50px&#8221; icon_hover_color=&#8221;#000000&#8243; icon_color__hover=&#8221;#000000&#8243; icon_color__hover_enabled=&#8221;on&#8221;]<\/p>\n<p>Absolwent Wydzia\u0142u Prawa i Administracji UMCS w Lublinie. Zawodowo zwi\u0105zany z tematyk\u0105 funduszy europejskich od 2006 roku.<\/p>\n<p>Rozliczy\u0142 jako Koordynator Projektu w O.K. Centrum J\u0119zyk\u00f3w Obcych projekty: PO KL 8.1.1 \u201eCertyfikat Sukcesu\u201d oraz PO KL 8.1.1 \u201eKwalifikacje na Sprzeda\u017c\u201d (IP by\u0142 Urz\u0105d Marsza\u0142kowski w \u0141odzi) o \u0142\u0105cznej warto\u015bci ok. 1 mln 250 tys. Na Uniwersytecie Marii Curie-Sk\u0142odowskiej realizowa\u0142 jeden z najwi\u0119kszych projekt\u00f3w finansowanych ze \u015brodk\u00f3w Europejskiego Funduszu Spo\u0142ecznego o warto\u015bci 22 mln. z\u0142. \u2013 \u201eUMCS dla rynku pracy i gospodarki opartej na wiedzy\u201d (IP by\u0142o Narodowe Centrum Bada\u0144 i Rozwoju). Posiada do\u015bwiadczenie jako pracownik Oddzia\u0142u Oceny Projekt\u00f3w w jednej z instytucji wdra\u017caj\u0105cych \u015brodki europejskie.<\/p>\n<p>Posiada wiedz\u0119 teoretyczn\u0105 (uko\u0144czone liczne kursy i szkolenia) oraz praktyczn\u0105 z zakresu uwarunkowa\u0144 realizacji projektu (monitoring, sprawozdawczo\u015b\u0107, kontrola, ewaluacja, promocja, rozliczanie), a tak\u017ce opracowywania wniosk\u00f3w o dofinansowanie projekt\u00f3w z funduszy UE.<\/p>\n<p>Specjalizuje si\u0119 w problematyce kwalifikowalno\u015bci wydatk\u00f3w, rozlicze\u0144, kontroli, zam\u00f3wie\u0144 publicznych i systemie SL2014\/SL2021.<\/p>\n<p>Aktualnie Prezes Zarz\u0105du Fundacji IPIP.<\/p>\n<p>Trener z zakresu pozyskiwania funduszy europejskich, szeroko poj\u0119tej realizacji i rozliczania projekt\u00f3w UE, zam\u00f3wie\u0144 publicznych (ustawa PZP oraz zasada konkurencyjno\u015bci), a tak\u017ce z zakresu aplikacji informatycznych SL2014, SL2021, CST2021, SM EFS+, Baza Konkurencyjno\u015bci oraz LSI.<\/p>\n<p>Trener i doradca z 12-letnim sta\u017cem \u2013 prowadzi szkolenia skierowane do instytucji dystrybuuj\u0105cych \u015brodki unijne (instytucje zarz\u0105dzaj\u0105ce i po\u015brednicz\u0105ce), a tak\u017ce do Wnioskodawc\u00f3w i Beneficjent\u00f3w. W\u015br\u00f3d wielu licznych szkole\u0144 prowadzi\u0142 liczne szkolenia dla pracownik\u00f3w sieci Punkt\u00f3w Informacyjnych Funduszy Europejskich, Ministerstwa Funduszy i Polityki Regionalnej, Ministerstwa Edukacji Narodowej, Ministerstwa Klimatu i \u015arodowiska,\u00a0instytucji zarz\u0105dzaj\u0105cych i po\u015brednicz\u0105cych.<\/p>\n<p>Referencje dost\u0119pne w zak\u0142adce <a href=\"https:\/\/inkubatorprogress.pl\/?page_id=207394\">referencje.<\/a><\/p>\n<p>[\/et_pb_team_member][\/et_pb_column][et_pb_column type=&#8221;2_3&#8243; _builder_version=&#8221;3.25&#8243; background_color=&#8221;#ffffff&#8221; custom_padding=&#8221;|||&#8221; custom_padding__hover=&#8221;|||&#8221;][\/et_pb_column][\/et_pb_row][\/et_pb_section][et_pb_section fb_built=&#8221;1&#8243; module_id=&#8221;%91logo-carousel id=default%93&#8243; module_class=&#8221;%91logo-carousel id=default%93&#8243; _builder_version=&#8221;3.22&#8243;][et_pb_row use_custom_gutter=&#8221;on&#8221; gutter_width=&#8221;1&#8243; module_id=&#8221;%91logo-carousel id=default%93&#8243; module_class=&#8221;%91logo-carousel id=default%93 et_pb_row_fullwidth&#8221; _builder_version=&#8221;3.25&#8243; width=&#8221;100%&#8221; width_tablet=&#8221;100%&#8221; width_phone=&#8221;&#8221; width_last_edited=&#8221;on|desktop&#8221; max_width=&#8221;100%&#8221; max_width_tablet=&#8221;100%&#8221; max_width_phone=&#8221;&#8221; max_width_last_edited=&#8221;on|desktop&#8221; make_fullwidth=&#8221;on&#8221;][et_pb_column type=&#8221;4_4&#8243; _builder_version=&#8221;3.25&#8243; custom_padding=&#8221;|||&#8221; custom_padding__hover=&#8221;|||&#8221;][et_pb_code]<ul class=\"kiwi-logo-carousel kiwi-logo-carousel-fimy default align-center col4\"><li style=\"height:150px;\" ><div class=\"helper\" style=\"height:150px; width:200px;\" ><img src=\"https:\/\/inkubatorprogress.pl\/wp-content\/uploads\/2018\/04\/pan-e1525609594179.png\" alt=\"\" title=\"\" style=\"max-width:200px; padding-left: 5px; padding-right:5px\" ><\/div><\/li><li style=\"height:150px;\" ><div class=\"helper\" style=\"height:150px; width:200px;\" ><img src=\"https:\/\/inkubatorprogress.pl\/wp-content\/uploads\/2018\/04\/zdlodz-1.png\" alt=\"\" title=\"\" style=\"max-width:200px; padding-left: 5px; padding-right:5px\" ><\/div><\/li><li style=\"height:150px;\" ><div class=\"helper\" style=\"height:150px; width:200px;\" ><img src=\"https:\/\/inkubatorprogress.pl\/wp-content\/uploads\/2018\/05\/logo_zarzadca.jpg\" alt=\"\" title=\"\" style=\"max-width:200px; padding-left: 5px; padding-right:5px\" ><\/div><\/li><li style=\"height:150px;\" ><div class=\"helper\" style=\"height:150px; width:200px;\" ><img src=\"https:\/\/inkubatorprogress.pl\/wp-content\/uploads\/2018\/04\/orlen-e1525721545336.png\" alt=\"\" title=\"\" style=\"max-width:200px; padding-left: 5px; padding-right:5px\" ><\/div><\/li><li style=\"height:150px;\" ><div class=\"helper\" style=\"height:150px; width:200px;\" ><img src=\"https:\/\/inkubatorprogress.pl\/wp-content\/uploads\/2018\/04\/PGE-e1525609530400.png\" alt=\"\" title=\"\" style=\"max-width:200px; padding-left: 5px; padding-right:5px\" ><\/div><\/li><li style=\"height:150px;\" ><div class=\"helper\" style=\"height:150px; width:200px;\" ><img src=\"https:\/\/inkubatorprogress.pl\/wp-content\/uploads\/2018\/04\/wsk.png\" alt=\"\" title=\"\" style=\"max-width:200px; padding-left: 5px; padding-right:5px\" ><\/div><\/li><li style=\"height:150px;\" ><div class=\"helper\" style=\"height:150px; width:200px;\" ><img src=\"https:\/\/inkubatorprogress.pl\/wp-content\/uploads\/2018\/04\/urzad-e1525435950846.png\" alt=\"\" title=\"\" style=\"max-width:200px; padding-left: 5px; padding-right:5px\" ><\/div><\/li><li style=\"height:150px;\" ><div class=\"helper\" style=\"height:150px; width:200px;\" ><img src=\"https:\/\/inkubatorprogress.pl\/wp-content\/uploads\/2018\/04\/umcs_logo.png\" alt=\"\" title=\"\" style=\"max-width:200px; padding-left: 5px; padding-right:5px\" ><\/div><\/li><li style=\"height:150px;\" ><div class=\"helper\" style=\"height:150px; width:200px;\" ><img src=\"https:\/\/inkubatorprogress.pl\/wp-content\/uploads\/2018\/04\/wzll-e1525435927847.png\" alt=\"\" title=\"\" style=\"max-width:200px; padding-left: 5px; padding-right:5px\" ><\/div><\/li><li style=\"height:150px;\" ><div class=\"helper\" style=\"height:150px; width:200px;\" ><img src=\"https:\/\/inkubatorprogress.pl\/wp-content\/uploads\/2018\/04\/sztuki-e1525435972545.png\" alt=\"\" title=\"\" style=\"max-width:200px; padding-left: 5px; padding-right:5px\" ><\/div><\/li><li style=\"height:150px;\" ><div class=\"helper\" style=\"height:150px; width:200px;\" ><img src=\"https:\/\/inkubatorprogress.pl\/wp-content\/uploads\/2018\/04\/szpital-br\u00f3dnowski.png\" alt=\"\" title=\"\" style=\"max-width:200px; padding-left: 5px; padding-right:5px\" ><\/div><\/li><li style=\"height:150px;\" ><div class=\"helper\" style=\"height:150px; width:200px;\" ><img src=\"https:\/\/inkubatorprogress.pl\/wp-content\/uploads\/2018\/04\/logo-cpe.png\" alt=\"\" title=\"\" style=\"max-width:200px; padding-left: 5px; padding-right:5px\" ><\/div><\/li><li style=\"height:150px;\" ><div class=\"helper\" style=\"height:150px; width:200px;\" ><img src=\"https:\/\/inkubatorprogress.pl\/wp-content\/uploads\/2018\/04\/MPiPS-1.png\" alt=\"\" title=\"\" style=\"max-width:200px; padding-left: 5px; padding-right:5px\" ><\/div><\/li><li style=\"height:150px;\" ><div class=\"helper\" style=\"height:150px; width:200px;\" ><img src=\"https:\/\/inkubatorprogress.pl\/wp-content\/uploads\/2018\/04\/Szpital_Miejski_w_Siemianowicach_\u015al\u0105skich_Sp._z_o.o._-_Szukaj_w_Google_-_2018-04-03_09.58.14.png\" alt=\"\" title=\"\" style=\"max-width:200px; padding-left: 5px; padding-right:5px\" ><\/div><\/li><li style=\"height:150px;\" ><div class=\"helper\" style=\"height:150px; width:200px;\" ><img src=\"https:\/\/inkubatorprogress.pl\/wp-content\/uploads\/2018\/04\/zgierz-1.png\" alt=\"\" title=\"\" style=\"max-width:200px; padding-left: 5px; padding-right:5px\" ><\/div><\/li><li style=\"height:150px;\" ><div class=\"helper\" style=\"height:150px; width:200px;\" ><img src=\"https:\/\/inkubatorprogress.pl\/wp-content\/uploads\/2018\/04\/ROPS-w-Lublinie2-1-e1525610330753.png\" alt=\"\" title=\"\" style=\"max-width:200px; padding-left: 5px; padding-right:5px\" ><\/div><\/li><li style=\"height:150px;\" ><div class=\"helper\" style=\"height:150px; width:200px;\" ><img src=\"https:\/\/inkubatorprogress.pl\/wp-content\/uploads\/2018\/04\/poznan-lawica-logo-300x155.png\" alt=\"\" title=\"\" style=\"max-width:200px; padding-left: 5px; padding-right:5px\" ><\/div><\/li><li style=\"height:150px;\" ><div class=\"helper\" style=\"height:150px; width:200px;\" ><img src=\"https:\/\/inkubatorprogress.pl\/wp-content\/uploads\/2018\/04\/Logo-Politechnika-Warszawska-e1525721286730.png\" alt=\"\" title=\"\" style=\"max-width:200px; padding-left: 5px; padding-right:5px\" ><\/div><\/li><li style=\"height:150px;\" ><div class=\"helper\" style=\"height:150px; width:200px;\" ><img src=\"https:\/\/inkubatorprogress.pl\/wp-content\/uploads\/2018\/04\/pum_logo2-e1525721428108.png\" alt=\"\" title=\"\" style=\"max-width:200px; padding-left: 5px; padding-right:5px\" ><\/div><\/li><li style=\"height:150px;\" ><div class=\"helper\" style=\"height:150px; width:200px;\" ><img src=\"https:\/\/inkubatorprogress.pl\/wp-content\/uploads\/2018\/04\/Powiat_\u0141a\u0144cucki_-_2018-04-03_09.57.39.png\" alt=\"\" title=\"\" style=\"max-width:200px; padding-left: 5px; padding-right:5px\" ><\/div><\/li><li style=\"height:150px;\" ><div class=\"helper\" style=\"height:150px; width:200px;\" ><img src=\"https:\/\/inkubatorprogress.pl\/wp-content\/uploads\/2018\/04\/powiat.png\" alt=\"\" title=\"\" style=\"max-width:200px; padding-left: 5px; padding-right:5px\" ><\/div><\/li><li style=\"height:150px;\" ><div class=\"helper\" style=\"height:150px; width:200px;\" ><img src=\"https:\/\/inkubatorprogress.pl\/wp-content\/uploads\/2018\/04\/postdata-e1525609550288.png\" alt=\"\" title=\"\" style=\"max-width:200px; padding-left: 5px; padding-right:5px\" ><\/div><\/li><li style=\"height:150px;\" ><div class=\"helper\" style=\"height:150px; width:200px;\" ><img src=\"https:\/\/inkubatorprogress.pl\/wp-content\/uploads\/2018\/04\/muzeum.png\" alt=\"\" title=\"\" style=\"max-width:200px; padding-left: 5px; padding-right:5px\" ><\/div><\/li><li style=\"height:150px;\" ><div class=\"helper\" style=\"height:150px; width:200px;\" ><img src=\"https:\/\/inkubatorprogress.pl\/wp-content\/uploads\/2018\/04\/nazwapl.png\" alt=\"\" title=\"\" style=\"max-width:200px; padding-left: 5px; padding-right:5px\" ><\/div><\/li><li style=\"height:150px;\" ><div class=\"helper\" style=\"height:150px; width:200px;\" ><img src=\"https:\/\/inkubatorprogress.pl\/wp-content\/uploads\/2018\/04\/msw.png\" alt=\"\" title=\"\" style=\"max-width:200px; padding-left: 5px; padding-right:5px\" ><\/div><\/li><li style=\"height:150px;\" ><div class=\"helper\" style=\"height:150px; width:200px;\" ><img src=\"https:\/\/inkubatorprogress.pl\/wp-content\/uploads\/2018\/04\/logotypclaim_czerony_pl_.png\" alt=\"\" title=\"\" style=\"max-width:200px; padding-left: 5px; padding-right:5px\" ><\/div><\/li><li style=\"height:150px;\" ><div class=\"helper\" style=\"height:150px; width:200px;\" ><img src=\"https:\/\/inkubatorprogress.pl\/wp-content\/uploads\/2018\/04\/lubelskie_0-e1525609452273.png\" alt=\"\" title=\"\" style=\"max-width:200px; padding-left: 5px; padding-right:5px\" ><\/div><\/li><li style=\"height:150px;\" ><div class=\"helper\" style=\"height:150px; width:200px;\" ><img src=\"https:\/\/inkubatorprogress.pl\/wp-content\/uploads\/2018\/04\/Logo-ZCO-new-1.png\" alt=\"\" title=\"\" style=\"max-width:200px; padding-left: 5px; padding-right:5px\" ><\/div><\/li><li style=\"height:150px;\" ><div class=\"helper\" style=\"height:150px; width:200px;\" ><img src=\"https:\/\/inkubatorprogress.pl\/wp-content\/uploads\/2018\/04\/LOGO-WUP-e1525609693934.png\" alt=\"\" title=\"\" style=\"max-width:200px; padding-left: 5px; padding-right:5px\" ><\/div><\/li><li style=\"height:150px;\" ><div class=\"helper\" style=\"height:150px; width:200px;\" ><img src=\"https:\/\/inkubatorprogress.pl\/wp-content\/uploads\/2018\/04\/logotyp_wsb_we_wroclawiu_-_jpg.png\" alt=\"\" title=\"\" style=\"max-width:200px; padding-left: 5px; padding-right:5px\" ><\/div><\/li><li style=\"height:150px;\" ><div class=\"helper\" style=\"height:150px; width:200px;\" ><img src=\"https:\/\/inkubatorprogress.pl\/wp-content\/uploads\/2018\/04\/logo_umk.png\" alt=\"\" title=\"\" style=\"max-width:200px; padding-left: 5px; padding-right:5px\" ><\/div><\/li><li style=\"height:150px;\" ><div class=\"helper\" style=\"height:150px; width:200px;\" ><img src=\"https:\/\/inkubatorprogress.pl\/wp-content\/uploads\/2018\/04\/logo_tauron_z_polem_min-e1525609667393.png\" alt=\"\" title=\"\" style=\"max-width:200px; padding-left: 5px; padding-right:5px\" ><\/div><\/li><li style=\"height:150px;\" ><div class=\"helper\" style=\"height:150px; width:200px;\" ><img src=\"https:\/\/inkubatorprogress.pl\/wp-content\/uploads\/2018\/04\/logo_pwpw-1-e1525609650708.png\" alt=\"\" title=\"\" style=\"max-width:200px; padding-left: 5px; padding-right:5px\" ><\/div><\/li><li style=\"height:150px;\" ><div class=\"helper\" style=\"height:150px; width:200px;\" ><img src=\"https:\/\/inkubatorprogress.pl\/wp-content\/uploads\/2018\/04\/logo_oirp_wroclaw-e1525609929736.png\" alt=\"\" title=\"\" style=\"max-width:200px; padding-left: 5px; padding-right:5px\" ><\/div><\/li><li style=\"height:150px;\" ><div class=\"helper\" style=\"height:150px; width:200px;\" ><img src=\"https:\/\/inkubatorprogress.pl\/wp-content\/uploads\/2018\/04\/logo_pck-e1525609808934.png\" alt=\"\" title=\"\" style=\"max-width:200px; padding-left: 5px; padding-right:5px\" ><\/div><\/li><li style=\"height:150px;\" ><div class=\"helper\" style=\"height:150px; width:200px;\" ><img src=\"https:\/\/inkubatorprogress.pl\/wp-content\/uploads\/2018\/04\/logo_bpnt.png\" alt=\"\" title=\"\" style=\"max-width:200px; padding-left: 5px; padding-right:5px\" ><\/div><\/li><li style=\"height:150px;\" ><div class=\"helper\" style=\"height:150px; width:200px;\" ><img src=\"https:\/\/inkubatorprogress.pl\/wp-content\/uploads\/2018\/04\/LOGO_LKA-1024x186.png\" alt=\"\" title=\"\" style=\"max-width:200px; padding-left: 5px; padding-right:5px\" ><\/div><\/li><li style=\"height:150px;\" ><div class=\"helper\" style=\"height:150px; width:200px;\" ><img src=\"https:\/\/inkubatorprogress.pl\/wp-content\/uploads\/2018\/04\/logo-lp-e1525435800217.png\" alt=\"\" title=\"\" style=\"max-width:200px; padding-left: 5px; padding-right:5px\" ><\/div><\/li><li style=\"height:150px;\" ><div class=\"helper\" style=\"height:150px; width:200px;\" ><img src=\"https:\/\/inkubatorprogress.pl\/wp-content\/uploads\/2018\/04\/KZGW_Logo_poziom_RGB.png\" alt=\"\" title=\"\" style=\"max-width:200px; padding-left: 5px; padding-right:5px\" ><\/div><\/li><li style=\"height:150px;\" ><div class=\"helper\" style=\"height:150px; width:200px;\" ><img src=\"https:\/\/inkubatorprogress.pl\/wp-content\/uploads\/2018\/04\/lbn.png\" alt=\"\" title=\"\" style=\"max-width:200px; padding-left: 5px; padding-right:5px\" ><\/div><\/li><li style=\"height:150px;\" ><div class=\"helper\" style=\"height:150px; width:200px;\" ><img src=\"https:\/\/inkubatorprogress.pl\/wp-content\/uploads\/2018\/04\/images.png\" alt=\"\" title=\"\" style=\"max-width:200px; padding-left: 5px; padding-right:5px\" ><\/div><\/li><li style=\"height:150px;\" ><div class=\"helper\" style=\"height:150px; width:200px;\" ><img src=\"https:\/\/inkubatorprogress.pl\/wp-content\/uploads\/2018\/04\/izba-nasienna-1-e1525435755929.png\" alt=\"\" title=\"\" style=\"max-width:200px; padding-left: 5px; padding-right:5px\" ><\/div><\/li><li style=\"height:150px;\" ><div class=\"helper\" style=\"height:150px; width:200px;\" ><img src=\"https:\/\/inkubatorprogress.pl\/wp-content\/uploads\/2018\/04\/GDOS_logo_poziom_1__proxy.png\" alt=\"\" title=\"\" style=\"max-width:200px; padding-left: 5px; padding-right:5px\" ><\/div><\/li><li style=\"height:150px;\" ><div class=\"helper\" style=\"height:150px; width:200px;\" ><img src=\"https:\/\/inkubatorprogress.pl\/wp-content\/uploads\/2018\/04\/gminabukowinatatrzanska-1-e1525435774104.png\" alt=\"\" title=\"\" style=\"max-width:200px; padding-left: 5px; padding-right:5px\" ><\/div><\/li><li style=\"height:150px;\" ><div class=\"helper\" style=\"height:150px; width:200px;\" ><img src=\"https:\/\/inkubatorprogress.pl\/wp-content\/uploads\/2018\/04\/ckp\u015b-logo.png\" alt=\"\" title=\"\" style=\"max-width:200px; padding-left: 5px; padding-right:5px\" ><\/div><\/li><li style=\"height:150px;\" ><div class=\"helper\" style=\"height:150px; width:200px;\" ><img src=\"https:\/\/inkubatorprogress.pl\/wp-content\/uploads\/2018\/04\/dawcow-1-e1525435848716.png\" alt=\"\" title=\"\" style=\"max-width:200px; padding-left: 5px; padding-right:5px\" ><\/div><\/li><li style=\"height:150px;\" ><div class=\"helper\" style=\"height:150px; width:200px;\" ><img src=\"https:\/\/inkubatorprogress.pl\/wp-content\/uploads\/2018\/04\/ciechocinek.png\" alt=\"\" title=\"\" style=\"max-width:200px; padding-left: 5px; padding-right:5px\" ><\/div><\/li><li style=\"height:150px;\" ><div class=\"helper\" style=\"height:150px; width:200px;\" ><img src=\"https:\/\/inkubatorprogress.pl\/wp-content\/uploads\/2018\/04\/awf-e1525435574263.png\" alt=\"\" title=\"\" style=\"max-width:200px; padding-left: 5px; padding-right:5px\" ><\/div><\/li><li style=\"height:150px;\" ><div class=\"helper\" style=\"height:150px; width:200px;\" ><img src=\"https:\/\/inkubatorprogress.pl\/wp-content\/uploads\/2018\/04\/caritas-e1525436210623.png\" alt=\"\" title=\"\" style=\"max-width:200px; padding-left: 5px; padding-right:5px\" ><\/div><\/li><li style=\"height:150px;\" ><div class=\"helper\" style=\"height:150px; width:200px;\" ><img src=\"https:\/\/inkubatorprogress.pl\/wp-content\/uploads\/2018\/04\/1791-Chopin-Vodka-Only-Logo-Black-on-White-e1525609732642.png\" alt=\"\" title=\"\" style=\"max-width:200px; padding-left: 5px; padding-right:5px\" ><\/div><\/li><\/ul>[\/et_pb_code][\/et_pb_column][\/et_pb_row][\/et_pb_section][et_pb_section fb_built=&#8221;1&#8243; _builder_version=&#8221;3.22&#8243; custom_padding=&#8221;0|0px|23px|0px&#8221;][et_pb_row column_structure=&#8221;1_3,1_3,1_3&#8243; use_custom_gutter=&#8221;on&#8221; gutter_width=&#8221;2&#8243; make_equal=&#8221;on&#8221; _builder_version=&#8221;3.25&#8243; module_alignment=&#8221;center&#8221; custom_padding=&#8221;27px|0px|0|0px&#8221;][et_pb_column type=&#8221;1_3&#8243; _builder_version=&#8221;3.25&#8243; custom_padding=&#8221;|||&#8221; custom_padding__hover=&#8221;|||&#8221;][et_pb_text _builder_version=&#8221;3.27.4&#8243; header_font=&#8221;Lato||||||||&#8221; header_2_font=&#8221;Lato|700|||||||&#8221; header_2_text_align=&#8221;center&#8221;]<\/p>\n<h2>MASZ PYTANIA?<\/h2>\n<p>[\/et_pb_text][et_pb_text _builder_version=&#8221;4.7.3&#8243; text_font=&#8221;Lato||||||||&#8221; text_line_height=&#8221;1.3em&#8221;]<\/p>\n<p><strong>Miros\u0142aw Cio\u0142ek Szkolenia Specjalistyczne<\/strong><\/p>\n<p><strong>Biuro:<\/strong><br \/> ul. Sowi\u0144skiego 7\/6<br \/> 20-040 Lublin<\/p>\n<p>NIP: 7132914485<br \/> REGON: 363383563<\/p>\n<p><a href=\"mailto:szkolenia@inkubatorprogress.pl\">szkolenia@inkubatorprogress.pl<\/a><\/p>\n<p><strong>Zadzwo\u0144 do nas!<\/strong><\/p>\n<p>tel.:\u00a0 661 884 278\u00a0<\/p>\n<p>[\/et_pb_text][\/et_pb_column][et_pb_column type=&#8221;1_3&#8243; _builder_version=&#8221;3.25&#8243; custom_padding=&#8221;|||&#8221; custom_padding__hover=&#8221;|||&#8221;][et_pb_text _builder_version=&#8221;3.27.4&#8243; text_font=&#8221;||||||||&#8221; header_font=&#8221;Lato||||||||&#8221; header_2_font=&#8221;Lato|700|||||||&#8221; text_orientation=&#8221;center&#8221;]<\/p>\n<h2>FORMULARZ ZG\u0141OSZENIOWY<\/h2>\n<p>[\/et_pb_text][et_pb_button button_url=&#8221;https:\/\/inkubatorprogress.pl\/?page_id=207396&#8243; button_text=&#8221;Formularz Zg\u0142oszeniowy&#8221; button_alignment=&#8221;center&#8221; _builder_version=&#8221;3.16&#8243; custom_button=&#8221;on&#8221; button_text_color=&#8221;#6db52c&#8221; button_use_icon=&#8221;off&#8221; custom_margin=&#8221;|||&#8221; custom_padding=&#8221;|2vw||2vw&#8221; button_text_color_hover=&#8221;#ffffff&#8221; button_border_color_hover=&#8221;#6db52c&#8221; button_bg_color_hover=&#8221;#6db52c&#8221; button_text_size__hover_enabled=&#8221;off&#8221; button_one_text_size__hover_enabled=&#8221;off&#8221; button_two_text_size__hover_enabled=&#8221;off&#8221; button_text_color__hover_enabled=&#8221;on&#8221; button_text_color__hover=&#8221;#ffffff&#8221; button_one_text_color__hover_enabled=&#8221;off&#8221; button_two_text_color__hover_enabled=&#8221;off&#8221; button_border_width__hover_enabled=&#8221;off&#8221; button_one_border_width__hover_enabled=&#8221;off&#8221; button_two_border_width__hover_enabled=&#8221;off&#8221; button_border_color__hover_enabled=&#8221;on&#8221; button_border_color__hover=&#8221;#6db52c&#8221; button_one_border_color__hover_enabled=&#8221;off&#8221; button_two_border_color__hover_enabled=&#8221;off&#8221; button_border_radius__hover_enabled=&#8221;off&#8221; button_one_border_radius__hover_enabled=&#8221;off&#8221; button_two_border_radius__hover_enabled=&#8221;off&#8221; button_letter_spacing__hover_enabled=&#8221;off&#8221; button_one_letter_spacing__hover_enabled=&#8221;off&#8221; button_two_letter_spacing__hover_enabled=&#8221;off&#8221; button_bg_color__hover_enabled=&#8221;on&#8221; button_bg_color__hover=&#8221;#6db52c&#8221; button_one_bg_color__hover_enabled=&#8221;off&#8221; button_two_bg_color__hover_enabled=&#8221;off&#8221;][\/et_pb_button][et_pb_text _builder_version=&#8221;3.27.4&#8243; text_orientation=&#8221;center&#8221;]<a href=\"https:\/\/inkubatorprogress.pl\/wp-content\/uploads\/2018\/05\/formularz_zgloszeniowy.pdf\" target=\"_blank\" rel=\"noopener noreferrer\"><img loading=\"lazy\" class=\"wp-image-445 alignnone size-thumbnail\" src=\"https:\/\/inkubatorprogress.pl\/wp-content\/uploads\/2018\/04\/pdf-150x150.png\" alt=\"\" width=\"80\" height=\"80\"><\/a> &nbsp; &nbsp;&nbsp; <a href=\"https:\/\/inkubatorprogress.pl\/wp-content\/uploads\/2018\/05\/formularz_zgloszeniowy.doc\" target=\"_blank\" rel=\"noopener noreferrer\"><img loading=\"lazy\" class=\"wp-image-446 alignnone size-thumbnail\" src=\"https:\/\/inkubatorprogress.pl\/wp-content\/uploads\/2018\/04\/doc-150x150.png\" alt=\"\" width=\"80\" height=\"80\"><\/a>&nbsp;&nbsp;&nbsp;&nbsp; <a href=\"https:\/\/inkubatorprogress.pl\/wp-content\/uploads\/2018\/05\/formularz_zgloszeniowy.jpg\" target=\"_blank\" rel=\"noopener noreferrer\"><img loading=\"lazy\" class=\"wp-image-447 alignnone size-thumbnail\" src=\"https:\/\/inkubatorprogress.pl\/wp-content\/uploads\/2018\/04\/jpg-150x150.png\" alt=\"\" width=\"80\" height=\"80\"><\/a>[\/et_pb_text][\/et_pb_column][et_pb_column type=&#8221;1_3&#8243; _builder_version=&#8221;3.25&#8243; custom_padding=&#8221;|||&#8221; custom_padding__hover=&#8221;|||&#8221;][et_pb_text _builder_version=&#8221;3.27.4&#8243; header_font=&#8221;Lato||||||||&#8221; header_2_font=&#8221;Lato|700|||||||&#8221; header_2_text_align=&#8221;center&#8221;]<\/p>\n<h2>FACEBOOK<\/h2>\n<p>[\/et_pb_text][et_pb_code]<iframe src=\"https:\/\/www.facebook.com\/plugins\/page.php?href=https%3A%2F%2Fwww.facebook.com%2Finkubatorprogress&#038;tabs=timeline&#038;width=340&#038;height=400&#038;small_header=false&#038;adapt_container_width=true&#038;hide_cover=false&#038;show_facepile=true&#038;appId\" width=\"340\" height=\"280\" style=\"border:none;overflow:hidden\" scrolling=\"no\" frameborder=\"0\" allowTransparency=\"true\" allow=\"encrypted-media\"><\/iframe>[\/et_pb_code][\/et_pb_column][\/et_pb_row][\/et_pb_section]<\/p>\n","protected":false},"excerpt":{"rendered":"<p>[et_pb_section fb_built=&#8221;1&#8243; disabled_on=&#8221;on|on|off&#8221; _builder_version=&#8221;3.22&#8243; background_color=&#8221;rgba(242,242,242,0.63)&#8221;][et_pb_row column_structure=&#8221;2_3,1_3&#8243; use_custom_gutter=&#8221;on&#8221; make_equal=&#8221;on&#8221; disabled_on=&#8221;on|on|off&#8221; module_class=&#8221; et_pb_row_fullwidth&#8221; _builder_version=&#8221;4.7.3&#8243; width=&#8221;89%&#8221; width_tablet=&#8221;80%&#8221; width_phone=&#8221;&#8221; width_last_edited=&#8221;on|desktop&#8221; max_width=&#8221;89%&#8221; max_width_tablet=&#8221;80%&#8221; max_width_phone=&#8221;&#8221; max_width_last_edited=&#8221;on|desktop&#8221; module_alignment=&#8221;center&#8221; custom_padding=&#8221;|||&#8221; make_fullwidth=&#8221;on&#8221;][et_pb_column type=&#8221;2_3&#8243; _builder_version=&#8221;3.25&#8243; background_color=&#8221;#ffffff&#8221; custom_padding=&#8221;|||&#8221; custom_padding__hover=&#8221;|||&#8221;][et_pb_text disabled_on=&#8221;on|on|off&#8221; _builder_version=&#8221;4.7.3&#8243; header_font=&#8221;Lato|700|||||||&#8221; header_2_font=&#8221;Lato|700|||||||&#8221; custom_margin=&#8221;|||&#8221; custom_padding=&#8221;50px|50px||50px&#8221;] Szkolenie: &#8222;Specjalista ds. funduszy unijnych 2021-2027&#8221; [\/et_pb_text][et_pb_text disabled_on=&#8221;on|on|off&#8221; _builder_version=&#8221;4.7.3&#8243; text_font=&#8221;Lato||||||||&#8221; header_font=&#8221;Varela|700|||||||&#8221; header_2_font=&#8221;Lato|700|||||||&#8221; header_3_font=&#8221;Lato|700|||||||&#8221; header_3_font_size=&#8221;18px&#8221; header_4_font=&#8221;Varela||||||||&#8221; custom_padding=&#8221;|50px||50px&#8221; header_3_font_size_tablet=&#8221;&#8221; header_3_font_size_phone=&#8221;&#8221; header_3_font_size_last_edited=&#8221;on|phone&#8221;] Cena szkolenia [&hellip;]<\/p>\n","protected":false},"author":1,"featured_media":0,"parent":0,"menu_order":0,"comment_status":"closed","ping_status":"closed","template":"","meta":{"_et_pb_use_builder":"on","_et_pb_old_content":"","_et_gb_content_width":""},"_links":{"self":[{"href":"https:\/\/inkubatorprogress.pl\/index.php?rest_route=\/wp\/v2\/pages\/209174"}],"collection":[{"href":"https:\/\/inkubatorprogress.pl\/index.php?rest_route=\/wp\/v2\/pages"}],"about":[{"href":"https:\/\/inkubatorprogress.pl\/index.php?rest_route=\/wp\/v2\/types\/page"}],"author":[{"embeddable":true,"href":"https:\/\/inkubatorprogress.pl\/index.php?rest_route=\/wp\/v2\/users\/1"}],"replies":[{"embeddable":true,"href":"https:\/\/inkubatorprogress.pl\/index.php?rest_route=%2Fwp%2Fv2%2Fcomments&post=209174"}],"version-history":[{"count":117,"href":"https:\/\/inkubatorprogress.pl\/index.php?rest_route=\/wp\/v2\/pages\/209174\/revisions"}],"predecessor-version":[{"id":210642,"href":"https:\/\/inkubatorprogress.pl\/index.php?rest_route=\/wp\/v2\/pages\/209174\/revisions\/210642"}],"wp:attachment":[{"href":"https:\/\/inkubatorprogress.pl\/index.php?rest_route=%2Fwp%2Fv2%2Fmedia&parent=209174"}],"curies":[{"name":"wp","href":"https:\/\/api.w.org\/{rel}","templated":true}]}}